{"id":4358,"date":"2024-05-31T08:54:20","date_gmt":"2024-05-31T09:15:09","guid":{"rendered":"https:\/\/depileve.com\/product\/protector-solar-spf15\/"},"modified":"2024-06-11T08:43:03","modified_gmt":"2024-06-11T08:43:03","slug":"protector-solar-spf15","status":"publish","type":"product","link":"https:\/\/depileve.com\/es\/productos\/protector-solar-spf15\/","title":{"rendered":"Protector Solar SPF15"},"content":{"rendered":"","protected":false},"excerpt":{"rendered":"<p>Una crema calmante, hidratante y protectora con extractos de plantas, para los que quieren cuidar su piel despu\u00e9s de la depilaci\u00f3n. Los filtros solares invisibles la convierten en una pieza indispensable para todos los colores de piel en la prevenci\u00f3n de las quemaduras solares y la hiperpigmentaci\u00f3n.<\/p>\n","protected":false},"featured_media":4351,"template":"","meta":{"_acf_changed":false},"product_brand":[],"product_cat":[330],"product_tag":[],"class_list":{"0":"post-4358","1":"product","2":"type-product","3":"status-publish","4":"has-post-thumbnail","6":"product_cat-barbepil-es","8":"first","9":"instock","10":"taxable","11":"shipping-taxable","12":"product-type-simple"},"acf":[],"_links":{"self":[{"href":"https:\/\/depileve.com\/es\/wp-json\/wp\/v2\/product\/4358","targetHints":{"allow":["GET"]}}],"collection":[{"href":"https:\/\/depileve.com\/es\/wp-json\/wp\/v2\/product"}],"about":[{"href":"https:\/\/depileve.com\/es\/wp-json\/wp\/v2\/types\/product"}],"wp:featuredmedia":[{"embeddable":true,"href":"https:\/\/depileve.com\/es\/wp-json\/wp\/v2\/media\/4351"}],"wp:attachment":[{"href":"https:\/\/depileve.com\/es\/wp-json\/wp\/v2\/media?parent=4358"}],"wp:term":[{"taxonomy":"product_brand","embeddable":true,"href":"https:\/\/depileve.com\/es\/wp-json\/wp\/v2\/product_brand?post=4358"},{"taxonomy":"product_cat","embeddable":true,"href":"https:\/\/depileve.com\/es\/wp-json\/wp\/v2\/product_cat?post=4358"},{"taxonomy":"product_tag","embeddable":true,"href":"https:\/\/depileve.com\/es\/wp-json\/wp\/v2\/product_tag?post=4358"}],"curies":[{"name":"wp","href":"https:\/\/api.w.org\/{rel}","templated":true}]}}